{"id":9413,"date":"2022-06-23T16:56:20","date_gmt":"2022-06-23T14:56:20","guid":{"rendered":"https:\/\/congressiconvegni.it\/eventi\/la-gestione-perioperatoria-dellanziano-fragile\/"},"modified":"2022-10-04T12:35:12","modified_gmt":"2022-10-04T10:35:12","slug":"la-gestione-perioperatoria-dellanziano-fragile","status":"publish","type":"ajde_events","link":"https:\/\/congressiconvegni.it\/en\/eventi\/la-gestione-perioperatoria-dellanziano-fragile\/","title":{"rendered":"LA GESTIONE PERIOPERATORIA DELL\u2019ANZIANO FRAGILE"},"content":{"rendered":"<p>Gli approcci chirurgici ed anestesiologici pi\u00f9 recenti hanno ampliato fortemente le opportunit\u00e0 di affrontare interventi chirurgici in et\u00e0 avanzata ed in presenza di plurime malattie concomitanti. Scompaiono cos\u00ec le barriere anagrafiche come controindicazioni all\u2019intervento e non \u00e8 inusuale sottoporre ad interventi chirurgici elettivi o d\u2019urgenza per patologie neoplastiche o traumatiche persone ultraottuagenarie con esiti tecnicamente molto soddisfacenti. Scopo del Convegno \u00e8 fornire ai partecipanti una panoramica di testimonianze dei professionisti che concorrono a delineare i percorsi di trattamento chirurgico dell\u2019anziano fragile, spesso pluripatologico, con uno sguardo a quanto specificatamente offrono gli Ospedali della ULSS 1 Dolomiti nella presa in carico della persona anziana fragile. Il Chirurgo generale, il Chirurgo vascolare, il Chirurgo ortopedico, il Gastroenterologo e l\u2019Odontoiatra sono chiamati a fornire una carrellata di quanto oggi il progresso nelle tecniche chirurgiche pu\u00f2 offrire negli Ospedali della ULSS 1- Dolomiti per il trattamento chirurgico dell\u2019anziano e in generale della persona con fragilit\u00e0.<\/p>\n\n\n\n<p>D&#8217;altro canto, la frequente presenza, in et\u00e0 avanzata, di patologie concomitanti e di fragilit\u00e0 rendono necessarie soluzioni personalizzate e talora costringono anche a considerare la rinuncia al trattamento chirurgico, rimodulando l\u2019approccio in senso conservativo o altrimenti palliativo.<\/p>\n\n\n\n<p>Il Cardiologo, lo Pneumologo ed in Neurologo in primis, sono chiamati a valutare le riserve funzionali degli organi che dovranno non solo garantire la sopravvivenza perioperatoria e la sopravvivenza alla fase acuta, ma anche supportare il recupero postoperatorio ed il ritorno ad una qualit\u00e0 di vita accettata dal paziente.<\/p>\n\n\n\n<p>Le specialit\u00e0 \u201cgeneraliste\u201d, come la Medicina Interna, la Geriatria e la Anestesia e Rianimazione, si trovano spesso a contribuire alla definizione del percorso perioperatorio, integrando i dati clinici con le questioni bioetiche in gioco nell\u2019anziano fragile: &nbsp;dalla applicazione del principio di proporzionalit\u00e0 delle cure alla frequente difficolt\u00e0 di stabilire una relazione di cura che porti la persona ad acconsentire all\u2019intervento con consapevolezza e con il supporto della sua rete di prossimit\u00e0. La seconda parte della mattinata, con la partecipazione di esperti in Bioetica e Biodiritto, ha lo scopo di porre in evidenza l\u2019importanza della conoscenza del vissuto di malattia per la persona anziana fragile da parte dei curanti nonch\u00e8 gli strumenti giuridici di tutela del paziente fragile e infine di presentare il documento elaborato congiuntamente dalla SIAARTI (Societ\u00e0 italiana di Anestesia Analgesia Rianimazione e Terapia Intensiva) e dalla SIC (Societ\u00e0 Italiana di Chirurgia) sulla gestione perioperatoria dell\u2019anziano fragile, con la partecipazione al Convegno del Coordinatore della stesura del documento stesso.<\/p>\n\n\n\n<p><a href=\"https:\/\/congressiconvegni.it\/wp-content\/uploads\/2022\/10\/anziano-fragile-programma-def.pdf\">SCARICA IL PROGRAMMA IN PDF<\/a><\/p>","protected":false},"author":2,"featured_media":9547,"menu_order":0,"comment_status":"open","ping_status":"closed","template":"","meta":{"jetpack_post_was_ever_published":false},"tags":[],"event_type":[],"event_type_2":[],"class_list":["post-9413","ajde_events","type-ajde_events","status-publish","has-post-thumbnail","hentry","event_location-teatro-giovanni-xxiii"],"jetpack_sharing_enabled":true,"_links":{"self":[{"href":"https:\/\/congressiconvegni.it\/en\/wp-json\/wp\/v2\/ajde_events\/9413","targetHints":{"allow":["GET"]}}],"collection":[{"href":"https:\/\/congressiconvegni.it\/en\/wp-json\/wp\/v2\/ajde_events"}],"about":[{"href":"https:\/\/congressiconvegni.it\/en\/wp-json\/wp\/v2\/types\/ajde_events"}],"author":[{"embeddable":true,"href":"https:\/\/congressiconvegni.it\/en\/wp-json\/wp\/v2\/users\/2"}],"replies":[{"embeddable":true,"href":"https:\/\/congressiconvegni.it\/en\/wp-json\/wp\/v2\/comments?post=9413"}],"wp:featuredmedia":[{"embeddable":true,"href":"https:\/\/congressiconvegni.it\/en\/wp-json\/wp\/v2\/media\/9547"}],"wp:attachment":[{"href":"https:\/\/congressiconvegni.it\/en\/wp-json\/wp\/v2\/media?parent=9413"}],"wp:term":[{"taxonomy":"post_tag","embeddable":true,"href":"https:\/\/congressiconvegni.it\/en\/wp-json\/wp\/v2\/tags?post=9413"},{"taxonomy":"event_type","embeddable":true,"href":"https:\/\/congressiconvegni.it\/en\/wp-json\/wp\/v2\/event_type?post=9413"},{"taxonomy":"event_type_2","embeddable":true,"href":"https:\/\/congressiconvegni.it\/en\/wp-json\/wp\/v2\/event_type_2?post=9413"}],"curies":[{"name":"wp","href":"https:\/\/api.w.org\/{rel}","templated":true}]}}